{"id":345,"date":"2022-07-19T23:39:19","date_gmt":"2022-07-19T23:39:19","guid":{"rendered":"https:\/\/15milhas.com.br\/wfe\/?page_id=345"},"modified":"2025-10-15T13:06:10","modified_gmt":"2025-10-15T13:06:10","slug":"noticias","status":"publish","type":"page","link":"https:\/\/15milhas.com.br\/wfe\/noticias\/","title":{"rendered":"Not\u00edcias"},"content":{"rendered":"<ul class=\"wp-block-latest-posts__list is-grid columns-3 wp-block-latest-posts\"><li><div class=\"wp-block-latest-posts__featured-image aligncenter\"><a href=\"https:\/\/15milhas.com.br\/wfe\/circuito-regional-corrida-rua-cerro-largo-2026\/\" aria-label=\"Cerro Largo recebe etapa do Circuito Regional de Corridas de Rua em fevereiro de 2026\"><img loading=\"lazy\" decoding=\"async\" width=\"1024\" height=\"748\" src=\"https:\/\/15milhas.com.br\/wfe\/wp-content\/uploads\/2026\/01\/circuitoregional1etapa.jpg\" class=\"attachment-large size-large wp-post-image\" alt=\"\" style=\"\" srcset=\"https:\/\/15milhas.com.br\/wfe\/wp-content\/uploads\/2026\/01\/circuitoregional1etapa.jpg 1024w, https:\/\/15milhas.com.br\/wfe\/wp-content\/uploads\/2026\/01\/circuitoregional1etapa-300x219.jpg 300w, https:\/\/15milhas.com.br\/wfe\/wp-content\/uploads\/2026\/01\/circuitoregional1etapa-768x561.jpg 768w\" sizes=\"auto, (max-width: 1024px) 100vw, 1024px\" \/><\/a><\/div><a class=\"wp-block-latest-posts__post-title\" href=\"https:\/\/15milhas.com.br\/wfe\/circuito-regional-corrida-rua-cerro-largo-2026\/\">Cerro Largo recebe etapa do Circuito Regional de Corridas de Rua em fevereiro de 2026<\/a><\/li>\n<li><div class=\"wp-block-latest-posts__featured-image aligncenter\"><a href=\"https:\/\/15milhas.com.br\/wfe\/equipe-15-milhas-celebra-nova-conquista-na-fieps-rs\/\" aria-label=\"Equipe 15 Milhas celebra nova conquista na FIEPS-RS\"><img loading=\"lazy\" decoding=\"async\" width=\"745\" height=\"604\" src=\"https:\/\/15milhas.com.br\/wfe\/wp-content\/uploads\/2025\/12\/Anny-feprs.png\" class=\"attachment-large size-large wp-post-image\" alt=\"\" style=\"\" srcset=\"https:\/\/15milhas.com.br\/wfe\/wp-content\/uploads\/2025\/12\/Anny-feprs.png 745w, https:\/\/15milhas.com.br\/wfe\/wp-content\/uploads\/2025\/12\/Anny-feprs-300x243.png 300w\" sizes=\"auto, (max-width: 745px) 100vw, 745px\" \/><\/a><\/div><a class=\"wp-block-latest-posts__post-title\" href=\"https:\/\/15milhas.com.br\/wfe\/equipe-15-milhas-celebra-nova-conquista-na-fieps-rs\/\">Equipe 15 Milhas celebra nova conquista na FIEPS-RS<\/a><\/li>\n<li><div class=\"wp-block-latest-posts__featured-image aligncenter\"><a href=\"https:\/\/15milhas.com.br\/wfe\/desafio-24-horas-santarosa-2025\/\" aria-label=\"Desafio 24 Horas entra para a hist\u00f3ria da Equipe 15 Milhas com 1.702 km percorridos\"><img loading=\"lazy\" decoding=\"async\" width=\"1024\" height=\"665\" src=\"https:\/\/15milhas.com.br\/wfe\/wp-content\/uploads\/2025\/12\/desafio20h-1024x665.png\" class=\"attachment-large size-large wp-post-image\" alt=\"\" style=\"\" srcset=\"https:\/\/15milhas.com.br\/wfe\/wp-content\/uploads\/2025\/12\/desafio20h-1024x665.png 1024w, https:\/\/15milhas.com.br\/wfe\/wp-content\/uploads\/2025\/12\/desafio20h-300x195.png 300w, https:\/\/15milhas.com.br\/wfe\/wp-content\/uploads\/2025\/12\/desafio20h-768x498.png 768w, https:\/\/15milhas.com.br\/wfe\/wp-content\/uploads\/2025\/12\/desafio20h.png 1345w\" sizes=\"auto, (max-width: 1024px) 100vw, 1024px\" \/><\/a><\/div><a class=\"wp-block-latest-posts__post-title\" href=\"https:\/\/15milhas.com.br\/wfe\/desafio-24-horas-santarosa-2025\/\">Desafio 24 Horas entra para a hist\u00f3ria da Equipe 15 Milhas com 1.702 km percorridos<\/a><\/li>\n<li><div class=\"wp-block-latest-posts__featured-image aligncenter\"><a href=\"https:\/\/15milhas.com.br\/wfe\/8-etapa-ircuito-regional-2025\/\" aria-label=\"Equipe 15 Milhas encerra o ano com destaque na 8\u00aa Etapa do Circuito Regional de Corrida de Rua\"><img loading=\"lazy\" decoding=\"async\" width=\"640\" height=\"557\" src=\"https:\/\/15milhas.com.br\/wfe\/wp-content\/uploads\/2025\/12\/circ8reginal.webp\" class=\"attachment-large size-large wp-post-image\" alt=\"\" style=\"\" srcset=\"https:\/\/15milhas.com.br\/wfe\/wp-content\/uploads\/2025\/12\/circ8reginal.webp 640w, https:\/\/15milhas.com.br\/wfe\/wp-content\/uploads\/2025\/12\/circ8reginal-300x261.webp 300w\" sizes=\"auto, (max-width: 640px) 100vw, 640px\" \/><\/a><\/div><a class=\"wp-block-latest-posts__post-title\" href=\"https:\/\/15milhas.com.br\/wfe\/8-etapa-ircuito-regional-2025\/\">Equipe 15 Milhas encerra o ano com destaque na 8\u00aa Etapa do Circuito Regional de Corrida de Rua<\/a><\/li>\n<li><div class=\"wp-block-latest-posts__featured-image aligncenter\"><a href=\"https:\/\/15milhas.com.br\/wfe\/equipe-15-milhas-superacao-e-amor-pelo-esporte\/\" aria-label=\"Equipe 15 Milhas: supera\u00e7\u00e3o e amor pelo esporte!\"><img loading=\"lazy\" decoding=\"async\" width=\"1024\" height=\"1024\" src=\"https:\/\/15milhas.com.br\/wfe\/wp-content\/uploads\/2025\/11\/equipe15milhas-1024x1024.webp\" class=\"attachment-large size-large wp-post-image\" alt=\"\" style=\"\" srcset=\"https:\/\/15milhas.com.br\/wfe\/wp-content\/uploads\/2025\/11\/equipe15milhas-1024x1024.webp 1024w, https:\/\/15milhas.com.br\/wfe\/wp-content\/uploads\/2025\/11\/equipe15milhas-300x300.webp 300w, https:\/\/15milhas.com.br\/wfe\/wp-content\/uploads\/2025\/11\/equipe15milhas-150x150.webp 150w, https:\/\/15milhas.com.br\/wfe\/wp-content\/uploads\/2025\/11\/equipe15milhas-768x768.webp 768w, https:\/\/15milhas.com.br\/wfe\/wp-content\/uploads\/2025\/11\/equipe15milhas.webp 1440w\" sizes=\"auto, (max-width: 1024px) 100vw, 1024px\" \/><\/a><\/div><a class=\"wp-block-latest-posts__post-title\" href=\"https:\/\/15milhas.com.br\/wfe\/equipe-15-milhas-superacao-e-amor-pelo-esporte\/\">Equipe 15 Milhas: supera\u00e7\u00e3o e amor pelo esporte!<\/a><\/li>\n<li><div class=\"wp-block-latest-posts__featured-image aligncenter\"><a href=\"https:\/\/15milhas.com.br\/wfe\/equipe-15-milhas-brilha-na-rustica-de-tucunduva-com-26-atletas-e-muitas-conquistas\/\" aria-label=\"Equipe 15 Milhas brilha na R\u00fastica de Tucunduva com 26 atletas e muitas conquistas\"><img loading=\"lazy\" decoding=\"async\" width=\"1024\" height=\"1024\" src=\"https:\/\/15milhas.com.br\/wfe\/wp-content\/uploads\/2025\/10\/565427180_18130583407480215_973907361822589194_n-1-1024x1024.webp\" class=\"attachment-large size-large wp-post-image\" alt=\"\" style=\"\" srcset=\"https:\/\/15milhas.com.br\/wfe\/wp-content\/uploads\/2025\/10\/565427180_18130583407480215_973907361822589194_n-1-1024x1024.webp 1024w, https:\/\/15milhas.com.br\/wfe\/wp-content\/uploads\/2025\/10\/565427180_18130583407480215_973907361822589194_n-1-300x300.webp 300w, https:\/\/15milhas.com.br\/wfe\/wp-content\/uploads\/2025\/10\/565427180_18130583407480215_973907361822589194_n-1-150x150.webp 150w, https:\/\/15milhas.com.br\/wfe\/wp-content\/uploads\/2025\/10\/565427180_18130583407480215_973907361822589194_n-1-768x768.webp 768w, https:\/\/15milhas.com.br\/wfe\/wp-content\/uploads\/2025\/10\/565427180_18130583407480215_973907361822589194_n-1.webp 1440w\" sizes=\"auto, (max-width: 1024px) 100vw, 1024px\" \/><\/a><\/div><a class=\"wp-block-latest-posts__post-title\" href=\"https:\/\/15milhas.com.br\/wfe\/equipe-15-milhas-brilha-na-rustica-de-tucunduva-com-26-atletas-e-muitas-conquistas\/\">Equipe 15 Milhas brilha na R\u00fastica de Tucunduva com 26 atletas e muitas conquistas<\/a><\/li>\n<li><div class=\"wp-block-latest-posts__featured-image aligncenter\"><a href=\"https:\/\/15milhas.com.br\/wfe\/equipe-15-milhas-brilha-na-rustica-de-candido-de-godoi\/\" aria-label=\"Equipe 15 Milhas brilha na R\u00fastica de C\u00e2ndido de God\u00f3i\"><img loading=\"lazy\" decoding=\"async\" width=\"640\" height=\"766\" src=\"https:\/\/15milhas.com.br\/wfe\/wp-content\/uploads\/2025\/10\/561968356_18129484426480215_3673612308620302645_n.webp\" class=\"attachment-large size-large wp-post-image\" alt=\"\" style=\"\" srcset=\"https:\/\/15milhas.com.br\/wfe\/wp-content\/uploads\/2025\/10\/561968356_18129484426480215_3673612308620302645_n.webp 640w, https:\/\/15milhas.com.br\/wfe\/wp-content\/uploads\/2025\/10\/561968356_18129484426480215_3673612308620302645_n-251x300.webp 251w\" sizes=\"auto, (max-width: 640px) 100vw, 640px\" \/><\/a><\/div><a class=\"wp-block-latest-posts__post-title\" href=\"https:\/\/15milhas.com.br\/wfe\/equipe-15-milhas-brilha-na-rustica-de-candido-de-godoi\/\">Equipe 15 Milhas brilha na R\u00fastica de C\u00e2ndido de God\u00f3i<\/a><\/li>\n<li><div class=\"wp-block-latest-posts__featured-image aligncenter\"><a href=\"https:\/\/15milhas.com.br\/wfe\/pais-que-incentivam-a-base-do-sucesso-dos-pequenos-atletas\/\" aria-label=\"Pais que incentivam: a base do sucesso dos pequenos atletas\"><img loading=\"lazy\" decoding=\"async\" width=\"819\" height=\"1024\" src=\"https:\/\/15milhas.com.br\/wfe\/wp-content\/uploads\/2025\/10\/565909937_18129765646480215_3204091838994355271_n-819x1024.webp\" class=\"attachment-large size-large wp-post-image\" alt=\"\" style=\"\" srcset=\"https:\/\/15milhas.com.br\/wfe\/wp-content\/uploads\/2025\/10\/565909937_18129765646480215_3204091838994355271_n-819x1024.webp 819w, https:\/\/15milhas.com.br\/wfe\/wp-content\/uploads\/2025\/10\/565909937_18129765646480215_3204091838994355271_n-240x300.webp 240w, https:\/\/15milhas.com.br\/wfe\/wp-content\/uploads\/2025\/10\/565909937_18129765646480215_3204091838994355271_n-768x960.webp 768w, https:\/\/15milhas.com.br\/wfe\/wp-content\/uploads\/2025\/10\/565909937_18129765646480215_3204091838994355271_n.webp 1152w\" sizes=\"auto, (max-width: 819px) 100vw, 819px\" \/><\/a><\/div><a class=\"wp-block-latest-posts__post-title\" href=\"https:\/\/15milhas.com.br\/wfe\/pais-que-incentivam-a-base-do-sucesso-dos-pequenos-atletas\/\">Pais que incentivam: a base do sucesso dos pequenos atletas<\/a><\/li>\n<li><div class=\"wp-block-latest-posts__featured-image aligncenter\"><a href=\"https:\/\/15milhas.com.br\/wfe\/1a-rustica-cidade-de-alecrim-celebra-emocao-superacao-e-uniao\/\" aria-label=\"1\u00aa R\u00fastica Cidade de Alecrim celebra emo\u00e7\u00e3o, supera\u00e7\u00e3o e uni\u00e3o\"><img loading=\"lazy\" decoding=\"async\" width=\"1024\" height=\"1024\" src=\"https:\/\/15milhas.com.br\/wfe\/wp-content\/uploads\/2025\/10\/560363358_18129018046480215_4080966744962723095_n-1024x1024.webp\" class=\"attachment-large size-large wp-post-image\" alt=\"\" style=\"\" srcset=\"https:\/\/15milhas.com.br\/wfe\/wp-content\/uploads\/2025\/10\/560363358_18129018046480215_4080966744962723095_n-1024x1024.webp 1024w, https:\/\/15milhas.com.br\/wfe\/wp-content\/uploads\/2025\/10\/560363358_18129018046480215_4080966744962723095_n-300x300.webp 300w, https:\/\/15milhas.com.br\/wfe\/wp-content\/uploads\/2025\/10\/560363358_18129018046480215_4080966744962723095_n-150x150.webp 150w, https:\/\/15milhas.com.br\/wfe\/wp-content\/uploads\/2025\/10\/560363358_18129018046480215_4080966744962723095_n-768x768.webp 768w, https:\/\/15milhas.com.br\/wfe\/wp-content\/uploads\/2025\/10\/560363358_18129018046480215_4080966744962723095_n.webp 1440w\" sizes=\"auto, (max-width: 1024px) 100vw, 1024px\" \/><\/a><\/div><a class=\"wp-block-latest-posts__post-title\" href=\"https:\/\/15milhas.com.br\/wfe\/1a-rustica-cidade-de-alecrim-celebra-emocao-superacao-e-uniao\/\">1\u00aa R\u00fastica Cidade de Alecrim celebra emo\u00e7\u00e3o, supera\u00e7\u00e3o e uni\u00e3o<\/a><\/li>\n<li><div class=\"wp-block-latest-posts__featured-image aligncenter\"><a href=\"https:\/\/15milhas.com.br\/wfe\/equipe-15-milhas-brilha-na-xii-etapa-do-circuito-regional-em-tres-passos\/\" aria-label=\"Equipe 15 Milhas brilha na XII Etapa do Circuito Regional em Tr\u00eas Passos!\"><img loading=\"lazy\" decoding=\"async\" width=\"1024\" height=\"1024\" src=\"https:\/\/15milhas.com.br\/wfe\/wp-content\/uploads\/2025\/10\/559457174_18128568427480215_8233842139206825889_n-1-1024x1024.webp\" class=\"attachment-large size-large wp-post-image\" alt=\"\" style=\"\" srcset=\"https:\/\/15milhas.com.br\/wfe\/wp-content\/uploads\/2025\/10\/559457174_18128568427480215_8233842139206825889_n-1-1024x1024.webp 1024w, https:\/\/15milhas.com.br\/wfe\/wp-content\/uploads\/2025\/10\/559457174_18128568427480215_8233842139206825889_n-1-300x300.webp 300w, https:\/\/15milhas.com.br\/wfe\/wp-content\/uploads\/2025\/10\/559457174_18128568427480215_8233842139206825889_n-1-150x150.webp 150w, https:\/\/15milhas.com.br\/wfe\/wp-content\/uploads\/2025\/10\/559457174_18128568427480215_8233842139206825889_n-1-768x768.webp 768w, https:\/\/15milhas.com.br\/wfe\/wp-content\/uploads\/2025\/10\/559457174_18128568427480215_8233842139206825889_n-1.webp 1440w\" sizes=\"auto, (max-width: 1024px) 100vw, 1024px\" \/><\/a><\/div><a class=\"wp-block-latest-posts__post-title\" href=\"https:\/\/15milhas.com.br\/wfe\/equipe-15-milhas-brilha-na-xii-etapa-do-circuito-regional-em-tres-passos\/\">Equipe 15 Milhas brilha na XII Etapa do Circuito Regional em Tr\u00eas Passos!<\/a><\/li>\n<li><div class=\"wp-block-latest-posts__featured-image aligncenter\"><a href=\"https:\/\/15milhas.com.br\/wfe\/marcia-keniana-conquista-2o-lugar-na-28a-meia-maratona-internacional-de-uruguaiana\/\" aria-label=\"M\u00e1rcia Keniana conquista 2\u00ba lugar na 28\u00aa Meia Maratona Internacional de Uruguaiana\"><img loading=\"lazy\" decoding=\"async\" width=\"640\" height=\"800\" src=\"https:\/\/15milhas.com.br\/wfe\/wp-content\/uploads\/2025\/10\/559898987_18129136099480215_7634761505639221866_n.webp\" class=\"attachment-large size-large wp-post-image\" alt=\"\" style=\"\" srcset=\"https:\/\/15milhas.com.br\/wfe\/wp-content\/uploads\/2025\/10\/559898987_18129136099480215_7634761505639221866_n.webp 640w, https:\/\/15milhas.com.br\/wfe\/wp-content\/uploads\/2025\/10\/559898987_18129136099480215_7634761505639221866_n-240x300.webp 240w\" sizes=\"auto, (max-width: 640px) 100vw, 640px\" \/><\/a><\/div><a class=\"wp-block-latest-posts__post-title\" href=\"https:\/\/15milhas.com.br\/wfe\/marcia-keniana-conquista-2o-lugar-na-28a-meia-maratona-internacional-de-uruguaiana\/\">M\u00e1rcia Keniana conquista 2\u00ba lugar na 28\u00aa Meia Maratona Internacional de Uruguaiana<\/a><\/li>\n<li><div class=\"wp-block-latest-posts__featured-image aligncenter\"><a href=\"https:\/\/15milhas.com.br\/wfe\/equipe-15-milhas-conquista-podios-na-rustica-25-anos-do-maratona-clube-em-santa-rosa\/\" aria-label=\"Equipe 15 Milhas conquista p\u00f3dios na R\u00fastica 25 Anos do Maratona Clube em Santa Rosa\"><img loading=\"lazy\" decoding=\"async\" width=\"1024\" height=\"1024\" src=\"https:\/\/15milhas.com.br\/wfe\/wp-content\/uploads\/2025\/10\/556653300_18127690906480215_7632145285164788211_n-1024x1024.webp\" class=\"attachment-large size-large wp-post-image\" alt=\"\" style=\"\" srcset=\"https:\/\/15milhas.com.br\/wfe\/wp-content\/uploads\/2025\/10\/556653300_18127690906480215_7632145285164788211_n-1024x1024.webp 1024w, https:\/\/15milhas.com.br\/wfe\/wp-content\/uploads\/2025\/10\/556653300_18127690906480215_7632145285164788211_n-300x300.webp 300w, https:\/\/15milhas.com.br\/wfe\/wp-content\/uploads\/2025\/10\/556653300_18127690906480215_7632145285164788211_n-150x150.webp 150w, https:\/\/15milhas.com.br\/wfe\/wp-content\/uploads\/2025\/10\/556653300_18127690906480215_7632145285164788211_n-768x768.webp 768w, https:\/\/15milhas.com.br\/wfe\/wp-content\/uploads\/2025\/10\/556653300_18127690906480215_7632145285164788211_n.webp 1440w\" sizes=\"auto, (max-width: 1024px) 100vw, 1024px\" \/><\/a><\/div><a class=\"wp-block-latest-posts__post-title\" href=\"https:\/\/15milhas.com.br\/wfe\/equipe-15-milhas-conquista-podios-na-rustica-25-anos-do-maratona-clube-em-santa-rosa\/\">Equipe 15 Milhas conquista p\u00f3dios na R\u00fastica 25 Anos do Maratona Clube em Santa Rosa<\/a><\/li>\n<li><div class=\"wp-block-latest-posts__featured-image aligncenter\"><a href=\"https:\/\/15milhas.com.br\/wfe\/equipe-15-milhas-brilha-na-2a-rustica-missoes\/\" aria-label=\"Equipe 15 Milhas brilha na 2\u00aa R\u00fastica Miss\u00f5es!\"><img loading=\"lazy\" decoding=\"async\" width=\"1024\" height=\"1024\" src=\"https:\/\/15milhas.com.br\/wfe\/wp-content\/uploads\/2025\/10\/553362003_18126743806480215_3375585549026557843_n-1024x1024.webp\" class=\"attachment-large size-large wp-post-image\" alt=\"\" style=\"\" srcset=\"https:\/\/15milhas.com.br\/wfe\/wp-content\/uploads\/2025\/10\/553362003_18126743806480215_3375585549026557843_n-1024x1024.webp 1024w, https:\/\/15milhas.com.br\/wfe\/wp-content\/uploads\/2025\/10\/553362003_18126743806480215_3375585549026557843_n-300x300.webp 300w, https:\/\/15milhas.com.br\/wfe\/wp-content\/uploads\/2025\/10\/553362003_18126743806480215_3375585549026557843_n-150x150.webp 150w, https:\/\/15milhas.com.br\/wfe\/wp-content\/uploads\/2025\/10\/553362003_18126743806480215_3375585549026557843_n-768x768.webp 768w, https:\/\/15milhas.com.br\/wfe\/wp-content\/uploads\/2025\/10\/553362003_18126743806480215_3375585549026557843_n.webp 1440w\" sizes=\"auto, (max-width: 1024px) 100vw, 1024px\" \/><\/a><\/div><a class=\"wp-block-latest-posts__post-title\" href=\"https:\/\/15milhas.com.br\/wfe\/equipe-15-milhas-brilha-na-2a-rustica-missoes\/\">Equipe 15 Milhas brilha na 2\u00aa R\u00fastica Miss\u00f5es!<\/a><\/li>\n<li><div class=\"wp-block-latest-posts__featured-image aligncenter\"><a href=\"https:\/\/15milhas.com.br\/wfe\/escolinha-de-atletismo-15-milhas-se-destaca-no-4o-trofeu-anr-em-santo-angelo\/\" aria-label=\"Escolinha de Atletismo 15 Milhas se destaca no 4\u00ba Trof\u00e9u ANR em Santo \u00c2ngelo\"><img loading=\"lazy\" decoding=\"async\" width=\"1024\" height=\"1024\" src=\"https:\/\/15milhas.com.br\/wfe\/wp-content\/uploads\/2025\/10\/549106721_18125699575480215_8967160361247844703_n-1024x1024.webp\" class=\"attachment-large size-large wp-post-image\" alt=\"\" style=\"\" srcset=\"https:\/\/15milhas.com.br\/wfe\/wp-content\/uploads\/2025\/10\/549106721_18125699575480215_8967160361247844703_n-1024x1024.webp 1024w, https:\/\/15milhas.com.br\/wfe\/wp-content\/uploads\/2025\/10\/549106721_18125699575480215_8967160361247844703_n-300x300.webp 300w, https:\/\/15milhas.com.br\/wfe\/wp-content\/uploads\/2025\/10\/549106721_18125699575480215_8967160361247844703_n-150x150.webp 150w, https:\/\/15milhas.com.br\/wfe\/wp-content\/uploads\/2025\/10\/549106721_18125699575480215_8967160361247844703_n-768x768.webp 768w, https:\/\/15milhas.com.br\/wfe\/wp-content\/uploads\/2025\/10\/549106721_18125699575480215_8967160361247844703_n.webp 1440w\" sizes=\"auto, (max-width: 1024px) 100vw, 1024px\" \/><\/a><\/div><a class=\"wp-block-latest-posts__post-title\" href=\"https:\/\/15milhas.com.br\/wfe\/escolinha-de-atletismo-15-milhas-se-destaca-no-4o-trofeu-anr-em-santo-angelo\/\">Escolinha de Atletismo 15 Milhas se destaca no 4\u00ba Trof\u00e9u ANR em Santo \u00c2ngelo<\/a><\/li>\n<li><div class=\"wp-block-latest-posts__featured-image aligncenter\"><a href=\"https:\/\/15milhas.com.br\/wfe\/uma-conquista-que-fortalece-nossa-historia\/\" aria-label=\"Uma conquista que fortalece nossa hist\u00f3ria!\"><img loading=\"lazy\" decoding=\"async\" width=\"1024\" height=\"1024\" src=\"https:\/\/15milhas.com.br\/wfe\/wp-content\/uploads\/2025\/10\/545488660_18125272150480215_4544431557195833555_n-1024x1024.webp\" class=\"attachment-large size-large wp-post-image\" alt=\"\" style=\"\" srcset=\"https:\/\/15milhas.com.br\/wfe\/wp-content\/uploads\/2025\/10\/545488660_18125272150480215_4544431557195833555_n-1024x1024.webp 1024w, https:\/\/15milhas.com.br\/wfe\/wp-content\/uploads\/2025\/10\/545488660_18125272150480215_4544431557195833555_n-300x300.webp 300w, https:\/\/15milhas.com.br\/wfe\/wp-content\/uploads\/2025\/10\/545488660_18125272150480215_4544431557195833555_n-150x150.webp 150w, https:\/\/15milhas.com.br\/wfe\/wp-content\/uploads\/2025\/10\/545488660_18125272150480215_4544431557195833555_n-768x768.webp 768w, https:\/\/15milhas.com.br\/wfe\/wp-content\/uploads\/2025\/10\/545488660_18125272150480215_4544431557195833555_n.webp 1440w\" sizes=\"auto, (max-width: 1024px) 100vw, 1024px\" \/><\/a><\/div><a class=\"wp-block-latest-posts__post-title\" href=\"https:\/\/15milhas.com.br\/wfe\/uma-conquista-que-fortalece-nossa-historia\/\">Uma conquista que fortalece nossa hist\u00f3ria!<\/a><\/li>\n<li><div class=\"wp-block-latest-posts__featured-image aligncenter\"><a href=\"https:\/\/15milhas.com.br\/wfe\/xii-circuito-de-corrida-de-rua-etapa-panambi-2\/\" aria-label=\"XII Circuito de Corrida de Rua &#8211; Etapa Panambi\"><img loading=\"lazy\" decoding=\"async\" width=\"840\" height=\"1024\" src=\"https:\/\/15milhas.com.br\/wfe\/wp-content\/uploads\/2025\/06\/WhatsApp-Image-2025-06-23-at-09.19.51-840x1024.jpeg\" class=\"attachment-large size-large wp-post-image\" alt=\"Dar o primeiro passo n\u00e3o \u00e9 f\u00e1cil. Acordar cedo, treinar depois de um dia cansativo ou at\u00e9 enfrentar a chuva para correr pode parecer um grande desafio.\" style=\"\" srcset=\"https:\/\/15milhas.com.br\/wfe\/wp-content\/uploads\/2025\/06\/WhatsApp-Image-2025-06-23-at-09.19.51-840x1024.jpeg 840w, https:\/\/15milhas.com.br\/wfe\/wp-content\/uploads\/2025\/06\/WhatsApp-Image-2025-06-23-at-09.19.51-246x300.jpeg 246w, https:\/\/15milhas.com.br\/wfe\/wp-content\/uploads\/2025\/06\/WhatsApp-Image-2025-06-23-at-09.19.51-768x936.jpeg 768w, https:\/\/15milhas.com.br\/wfe\/wp-content\/uploads\/2025\/06\/WhatsApp-Image-2025-06-23-at-09.19.51.jpeg 1079w\" sizes=\"auto, (max-width: 840px) 100vw, 840px\" \/><\/a><\/div><a class=\"wp-block-latest-posts__post-title\" href=\"https:\/\/15milhas.com.br\/wfe\/xii-circuito-de-corrida-de-rua-etapa-panambi-2\/\">XII Circuito de Corrida de Rua &#8211; Etapa Panambi<\/a><\/li>\n<li><div class=\"wp-block-latest-posts__featured-image aligncenter\"><a href=\"https:\/\/15milhas.com.br\/wfe\/15-milhas-abre-sua-primeira-filial-em-alecrim-%f0%9f%8f%83%e2%99%80%ef%b8%8f%f0%9f%8f%83%e2%99%82%ef%b8%8f\/\" aria-label=\"15 Milhas abre sua primeira filial em Alecrim!\"><img loading=\"lazy\" decoding=\"async\" width=\"1024\" height=\"1024\" src=\"https:\/\/15milhas.com.br\/wfe\/wp-content\/uploads\/2025\/08\/15-Milhas-abre-sua-primeira-filial-em-Alecrim-1024x1024.png\" class=\"attachment-large size-large wp-post-image\" alt=\"\" style=\"\" srcset=\"https:\/\/15milhas.com.br\/wfe\/wp-content\/uploads\/2025\/08\/15-Milhas-abre-sua-primeira-filial-em-Alecrim-1024x1024.png 1024w, https:\/\/15milhas.com.br\/wfe\/wp-content\/uploads\/2025\/08\/15-Milhas-abre-sua-primeira-filial-em-Alecrim-300x300.png 300w, https:\/\/15milhas.com.br\/wfe\/wp-content\/uploads\/2025\/08\/15-Milhas-abre-sua-primeira-filial-em-Alecrim-150x150.png 150w, https:\/\/15milhas.com.br\/wfe\/wp-content\/uploads\/2025\/08\/15-Milhas-abre-sua-primeira-filial-em-Alecrim-768x768.png 768w, https:\/\/15milhas.com.br\/wfe\/wp-content\/uploads\/2025\/08\/15-Milhas-abre-sua-primeira-filial-em-Alecrim.png 1080w\" sizes=\"auto, (max-width: 1024px) 100vw, 1024px\" \/><\/a><\/div><a class=\"wp-block-latest-posts__post-title\" href=\"https:\/\/15milhas.com.br\/wfe\/15-milhas-abre-sua-primeira-filial-em-alecrim-%f0%9f%8f%83%e2%99%80%ef%b8%8f%f0%9f%8f%83%e2%99%82%ef%b8%8f\/\">15 Milhas abre sua primeira filial em Alecrim!<\/a><\/li>\n<li><a class=\"wp-block-latest-posts__post-title\" href=\"https:\/\/15milhas.com.br\/wfe\/equipe-15-milhas-na-rustica-cidade-tenente-portela-70-anos\/\">Equipe 15 Milhas na R\u00fastica Cidade Tenente Portela \u2013 70 anos<\/a><\/li>\n<li><a class=\"wp-block-latest-posts__post-title\" href=\"https:\/\/15milhas.com.br\/wfe\/alunos-dos-projetos-participam-da-15a-rustica-da-escola-pedro-speroni\/\">Alunos dos projetos participam da 15\u00aa R\u00fastica da Escola Pedro Speroni<\/a><\/li>\n<li><a class=\"wp-block-latest-posts__post-title\" href=\"https:\/\/15milhas.com.br\/wfe\/maior-equipe-na-2a-rustica-horti-em-santa-rosa\/\">Maior equipe na 2\u00aa r\u00fastica Horti em Santa Rosa<\/a><\/li>\n<li><a class=\"wp-block-latest-posts__post-title\" href=\"https:\/\/15milhas.com.br\/wfe\/eduardo-mallmann-vence-o-desafio-beto-carrero-em-sc\/\">Eduardo Mallmann vence o Desafio Beto Carrero em SC<\/a><\/li>\n<li><a class=\"wp-block-latest-posts__post-title\" href=\"https:\/\/15milhas.com.br\/wfe\/4a-corrida-de-aniversario-de-porto-lucena\/\">4\u00aa Corrida de Anivers\u00e1rio de Porto Lucena<\/a><\/li>\n<li><a class=\"wp-block-latest-posts__post-title\" href=\"https:\/\/15milhas.com.br\/wfe\/equipe-15-milhas-comemora-9-anos\/\">Equipe 15 Milhas comemora 9 anos<\/a><\/li>\n<li><a class=\"wp-block-latest-posts__post-title\" href=\"https:\/\/15milhas.com.br\/wfe\/escolinha-15-milhas-ano-ii-2\/\">Escolinha 15 Milhas &#8211; Ano II<\/a><\/li>\n<li><a class=\"wp-block-latest-posts__post-title\" href=\"https:\/\/15milhas.com.br\/wfe\/v-rustica-sete-de-setembro\/\">V R\u00fastica Sete de Setembro<\/a><\/li>\n<li><a class=\"wp-block-latest-posts__post-title\" href=\"https:\/\/15milhas.com.br\/wfe\/meia-maratona-de-santa-maria\/\">Meia Maratona de Santa Maria<\/a><\/li>\n<li><a class=\"wp-block-latest-posts__post-title\" href=\"https:\/\/15milhas.com.br\/wfe\/atletismo-na-escola-2\/\">Atletismo nas Escolas<\/a><\/li>\n<li><a class=\"wp-block-latest-posts__post-title\" href=\"https:\/\/15milhas.com.br\/wfe\/atleta-da-equipe-15-milhas-brilha-nas-olimpiadas-da-apae\/\">Atleta da equipe 15 Milhas brilha nas Olimp\u00edadas da APAE<\/a><\/li>\n<li><a class=\"wp-block-latest-posts__post-title\" href=\"https:\/\/15milhas.com.br\/wfe\/escolinha-15-milhas-ano-ii\/\">Escolinha 15 Milhas &#8211; Ano II<\/a><\/li>\n<li><div class=\"wp-block-latest-posts__featured-image aligncenter\"><a href=\"https:\/\/15milhas.com.br\/wfe\/xii-circuito-de-corrida-de-rua-etapa-panambi\/\" aria-label=\"XII Circuito de Corrida de Rua &#8211; Etapa Panambi\"><img loading=\"lazy\" decoding=\"async\" width=\"840\" height=\"1024\" src=\"https:\/\/15milhas.com.br\/wfe\/wp-content\/uploads\/2025\/06\/WhatsApp-Image-2025-06-23-at-09.19.51-840x1024.jpeg\" class=\"attachment-large size-large wp-post-image\" alt=\"Dar o primeiro passo n\u00e3o \u00e9 f\u00e1cil. Acordar cedo, treinar depois de um dia cansativo ou at\u00e9 enfrentar a chuva para correr pode parecer um grande desafio.\" style=\"\" srcset=\"https:\/\/15milhas.com.br\/wfe\/wp-content\/uploads\/2025\/06\/WhatsApp-Image-2025-06-23-at-09.19.51-840x1024.jpeg 840w, https:\/\/15milhas.com.br\/wfe\/wp-content\/uploads\/2025\/06\/WhatsApp-Image-2025-06-23-at-09.19.51-246x300.jpeg 246w, https:\/\/15milhas.com.br\/wfe\/wp-content\/uploads\/2025\/06\/WhatsApp-Image-2025-06-23-at-09.19.51-768x936.jpeg 768w, https:\/\/15milhas.com.br\/wfe\/wp-content\/uploads\/2025\/06\/WhatsApp-Image-2025-06-23-at-09.19.51.jpeg 1079w\" sizes=\"auto, (max-width: 840px) 100vw, 840px\" \/><\/a><\/div><a class=\"wp-block-latest-posts__post-title\" href=\"https:\/\/15milhas.com.br\/wfe\/xii-circuito-de-corrida-de-rua-etapa-panambi\/\">XII Circuito de Corrida de Rua &#8211; Etapa Panambi<\/a><\/li>\n<li><a class=\"wp-block-latest-posts__post-title\" href=\"https:\/\/15milhas.com.br\/wfe\/campeonato-estadual-de-atletismo-sub20-porto-alegre\/\">Campeonato Estadual de Atletismo Sub20 &#8211; Porto Alegre<\/a><\/li>\n<li><a class=\"wp-block-latest-posts__post-title\" href=\"https:\/\/15milhas.com.br\/wfe\/corrida-do-sesi-2025\/\">Corrida do Sesi &#8211; 2025<\/a><\/li>\n<li><div class=\"wp-block-latest-posts__featured-image aligncenter\"><a href=\"https:\/\/15milhas.com.br\/wfe\/8a-rustica-15-milhas-correndo-com-eles\/\" aria-label=\"8\u00aa R\u00fastica 15 Milhas &#8211; Correndo com Eles &#8211;\"><img loading=\"lazy\" decoding=\"async\" width=\"683\" height=\"1024\" src=\"https:\/\/15milhas.com.br\/wfe\/wp-content\/uploads\/2025\/04\/PODAB1234-207-1-683x1024.jpg\" class=\"attachment-large size-large wp-post-image\" alt=\"Em alus\u00e3o ao Dia Internacional da S\u00edndrome de Down\" style=\"\" srcset=\"https:\/\/15milhas.com.br\/wfe\/wp-content\/uploads\/2025\/04\/PODAB1234-207-1-683x1024.jpg 683w, https:\/\/15milhas.com.br\/wfe\/wp-content\/uploads\/2025\/04\/PODAB1234-207-1-200x300.jpg 200w, https:\/\/15milhas.com.br\/wfe\/wp-content\/uploads\/2025\/04\/PODAB1234-207-1-768x1152.jpg 768w, https:\/\/15milhas.com.br\/wfe\/wp-content\/uploads\/2025\/04\/PODAB1234-207-1-1024x1536.jpg 1024w, https:\/\/15milhas.com.br\/wfe\/wp-content\/uploads\/2025\/04\/PODAB1234-207-1-1365x2048.jpg 1365w, https:\/\/15milhas.com.br\/wfe\/wp-content\/uploads\/2025\/04\/PODAB1234-207-1-scaled.jpg 1706w\" sizes=\"auto, (max-width: 683px) 100vw, 683px\" \/><\/a><\/div><a class=\"wp-block-latest-posts__post-title\" href=\"https:\/\/15milhas.com.br\/wfe\/8a-rustica-15-milhas-correndo-com-eles\/\">8\u00aa R\u00fastica 15 Milhas &#8211; Correndo com Eles &#8211;<\/a><\/li>\n<li><div class=\"wp-block-latest-posts__featured-image aligncenter\"><a href=\"https:\/\/15milhas.com.br\/wfe\/equipe-15-milhas-finaliza-o-mes-de-maio-com-excelentes-resultados\/\" aria-label=\"Equipe 15 Milhas finaliza o m\u00eas de maio com excelentes resultados\"><img loading=\"lazy\" decoding=\"async\" width=\"1024\" height=\"742\" src=\"https:\/\/15milhas.com.br\/wfe\/wp-content\/uploads\/2023\/06\/WhatsApp-Image-2023-05-28-at-14.31.22-1024x742.jpeg\" class=\"attachment-large size-large wp-post-image\" alt=\"\" style=\"\" srcset=\"https:\/\/15milhas.com.br\/wfe\/wp-content\/uploads\/2023\/06\/WhatsApp-Image-2023-05-28-at-14.31.22-1024x742.jpeg 1024w, https:\/\/15milhas.com.br\/wfe\/wp-content\/uploads\/2023\/06\/WhatsApp-Image-2023-05-28-at-14.31.22-300x218.jpeg 300w, https:\/\/15milhas.com.br\/wfe\/wp-content\/uploads\/2023\/06\/WhatsApp-Image-2023-05-28-at-14.31.22-768x557.jpeg 768w, https:\/\/15milhas.com.br\/wfe\/wp-content\/uploads\/2023\/06\/WhatsApp-Image-2023-05-28-at-14.31.22.jpeg 1280w\" sizes=\"auto, (max-width: 1024px) 100vw, 1024px\" \/><\/a><\/div><a class=\"wp-block-latest-posts__post-title\" href=\"https:\/\/15milhas.com.br\/wfe\/equipe-15-milhas-finaliza-o-mes-de-maio-com-excelentes-resultados\/\">Equipe 15 Milhas finaliza o m\u00eas de maio com excelentes resultados<\/a><\/li>\n<li><div class=\"wp-block-latest-posts__featured-image aligncenter\"><a href=\"https:\/\/15milhas.com.br\/wfe\/nossa-equipe-participou-do-corridas-unimed-2022-em-ijui\/\" aria-label=\"Nossa Equipe participou do Corridas Unimed 2022 em Iju\u00ed\"><img loading=\"lazy\" decoding=\"async\" width=\"768\" height=\"1024\" src=\"https:\/\/15milhas.com.br\/wfe\/wp-content\/uploads\/2022\/09\/WhatsApp-Image-2022-09-13-at-08.48.33-1-768x1024.jpeg\" class=\"attachment-large size-large wp-post-image\" alt=\"\" style=\"\" srcset=\"https:\/\/15milhas.com.br\/wfe\/wp-content\/uploads\/2022\/09\/WhatsApp-Image-2022-09-13-at-08.48.33-1-768x1025.jpeg 768w, https:\/\/15milhas.com.br\/wfe\/wp-content\/uploads\/2022\/09\/WhatsApp-Image-2022-09-13-at-08.48.33-1-225x300.jpeg 225w, https:\/\/15milhas.com.br\/wfe\/wp-content\/uploads\/2022\/09\/WhatsApp-Image-2022-09-13-at-08.48.33-1.jpeg 826w\" sizes=\"auto, (max-width: 768px) 100vw, 768px\" \/><\/a><\/div><a class=\"wp-block-latest-posts__post-title\" href=\"https:\/\/15milhas.com.br\/wfe\/nossa-equipe-participou-do-corridas-unimed-2022-em-ijui\/\">Nossa Equipe participou do Corridas Unimed 2022 em Iju\u00ed<\/a><\/li>\n<li><div class=\"wp-block-latest-posts__featured-image aligncenter\"><a href=\"https:\/\/15milhas.com.br\/wfe\/equipe-15-milhas-participou-da-rustica-do-regimento-san-martin\/\" aria-label=\"Equipe 15 Milhas participou da R\u00fastica do Regimento San Martin\"><img loading=\"lazy\" decoding=\"async\" width=\"1024\" height=\"1024\" src=\"https:\/\/15milhas.com.br\/wfe\/wp-content\/uploads\/2022\/08\/WhatsApp-Image-2022-08-29-at-14.06.09-1024x1024.jpeg\" class=\"attachment-large size-large wp-post-image\" alt=\"\" style=\"\" srcset=\"https:\/\/15milhas.com.br\/wfe\/wp-content\/uploads\/2022\/08\/WhatsApp-Image-2022-08-29-at-14.06.09-1024x1024.jpeg 1024w, https:\/\/15milhas.com.br\/wfe\/wp-content\/uploads\/2022\/08\/WhatsApp-Image-2022-08-29-at-14.06.09-300x300.jpeg 300w, https:\/\/15milhas.com.br\/wfe\/wp-content\/uploads\/2022\/08\/WhatsApp-Image-2022-08-29-at-14.06.09-150x150.jpeg 150w, https:\/\/15milhas.com.br\/wfe\/wp-content\/uploads\/2022\/08\/WhatsApp-Image-2022-08-29-at-14.06.09-768x768.jpeg 768w, https:\/\/15milhas.com.br\/wfe\/wp-content\/uploads\/2022\/08\/WhatsApp-Image-2022-08-29-at-14.06.09.jpeg 1200w\" sizes=\"auto, (max-width: 1024px) 100vw, 1024px\" \/><\/a><\/div><a class=\"wp-block-latest-posts__post-title\" href=\"https:\/\/15milhas.com.br\/wfe\/equipe-15-milhas-participou-da-rustica-do-regimento-san-martin\/\">Equipe 15 Milhas participou da R\u00fastica do Regimento San Martin<\/a><\/li>\n<li><div class=\"wp-block-latest-posts__featured-image aligncenter\"><a href=\"https:\/\/15milhas.com.br\/wfe\/veja-os-resultados-da-8etapa-do-circuito-noroeste-missoes\/\" aria-label=\"Veja os resultados da 8\u00b0Etapa do Circuito Noroeste Miss\u00f5es\"><img loading=\"lazy\" decoding=\"async\" width=\"1024\" height=\"773\" src=\"https:\/\/15milhas.com.br\/wfe\/wp-content\/uploads\/2022\/08\/300679881_749935749638976_4168667098263172562_n-1024x773.jpg\" class=\"attachment-large size-large wp-post-image\" alt=\"\" style=\"\" srcset=\"https:\/\/15milhas.com.br\/wfe\/wp-content\/uploads\/2022\/08\/300679881_749935749638976_4168667098263172562_n-1024x773.jpg 1024w, https:\/\/15milhas.com.br\/wfe\/wp-content\/uploads\/2022\/08\/300679881_749935749638976_4168667098263172562_n-300x227.jpg 300w, https:\/\/15milhas.com.br\/wfe\/wp-content\/uploads\/2022\/08\/300679881_749935749638976_4168667098263172562_n-768x580.jpg 768w, https:\/\/15milhas.com.br\/wfe\/wp-content\/uploads\/2022\/08\/300679881_749935749638976_4168667098263172562_n.jpg 1340w\" sizes=\"auto, (max-width: 1024px) 100vw, 1024px\" \/><\/a><\/div><a class=\"wp-block-latest-posts__post-title\" href=\"https:\/\/15milhas.com.br\/wfe\/veja-os-resultados-da-8etapa-do-circuito-noroeste-missoes\/\">Veja os resultados da 8\u00b0Etapa do Circuito Noroeste Miss\u00f5es<\/a><\/li>\n<li><div class=\"wp-block-latest-posts__featured-image aligncenter\"><a href=\"https:\/\/15milhas.com.br\/wfe\/vereador-regis-bonmann-propoe-homenagem-ao-treinador-claudio-menzel\/\" aria-label=\"Vereador R\u00e9gis Bonmann prop\u00f5e homenagem ao Treinador Cl\u00e1udio Menzel\"><img loading=\"lazy\" decoding=\"async\" width=\"1024\" height=\"1024\" src=\"https:\/\/15milhas.com.br\/wfe\/wp-content\/uploads\/2022\/08\/claudio-1024x1024.png\" class=\"attachment-large size-large wp-post-image\" alt=\"\" style=\"\" srcset=\"https:\/\/15milhas.com.br\/wfe\/wp-content\/uploads\/2022\/08\/claudio-1024x1024.png 1024w, https:\/\/15milhas.com.br\/wfe\/wp-content\/uploads\/2022\/08\/claudio-300x300.png 300w, https:\/\/15milhas.com.br\/wfe\/wp-content\/uploads\/2022\/08\/claudio-150x150.png 150w, https:\/\/15milhas.com.br\/wfe\/wp-content\/uploads\/2022\/08\/claudio-768x768.png 768w, https:\/\/15milhas.com.br\/wfe\/wp-content\/uploads\/2022\/08\/claudio.png 1080w\" sizes=\"auto, (max-width: 1024px) 100vw, 1024px\" \/><\/a><\/div><a class=\"wp-block-latest-posts__post-title\" href=\"https:\/\/15milhas.com.br\/wfe\/vereador-regis-bonmann-propoe-homenagem-ao-treinador-claudio-menzel\/\">Vereador R\u00e9gis Bonmann prop\u00f5e homenagem ao Treinador Cl\u00e1udio Menzel<\/a><\/li>\n<li><div class=\"wp-block-latest-posts__featured-image aligncenter\"><a href=\"https:\/\/15milhas.com.br\/wfe\/equipe-15-milhas-competiu-em-3-cidades-este-final-de-semana\/\" aria-label=\"Equipe 15 Milhas competiu em 3 cidades este final de Semana\"><img loading=\"lazy\" decoding=\"async\" width=\"1024\" height=\"1024\" src=\"https:\/\/15milhas.com.br\/wfe\/wp-content\/uploads\/2022\/08\/posts-35-1024x1024.png\" class=\"attachment-large size-large wp-post-image\" alt=\"\" style=\"\" srcset=\"https:\/\/15milhas.com.br\/wfe\/wp-content\/uploads\/2022\/08\/posts-35-1024x1024.png 1024w, https:\/\/15milhas.com.br\/wfe\/wp-content\/uploads\/2022\/08\/posts-35-300x300.png 300w, https:\/\/15milhas.com.br\/wfe\/wp-content\/uploads\/2022\/08\/posts-35-150x150.png 150w, https:\/\/15milhas.com.br\/wfe\/wp-content\/uploads\/2022\/08\/posts-35-768x768.png 768w, https:\/\/15milhas.com.br\/wfe\/wp-content\/uploads\/2022\/08\/posts-35.png 1080w\" sizes=\"auto, (max-width: 1024px) 100vw, 1024px\" \/><\/a><\/div><a class=\"wp-block-latest-posts__post-title\" href=\"https:\/\/15milhas.com.br\/wfe\/equipe-15-milhas-competiu-em-3-cidades-este-final-de-semana\/\">Equipe 15 Milhas competiu em 3 cidades este final de Semana<\/a><\/li>\n<li><div class=\"wp-block-latest-posts__featured-image aligncenter\"><a href=\"https:\/\/15milhas.com.br\/wfe\/rustica-mexa-se-tres-passos\/\" aria-label=\"1\u00aa R\u00daSTICA MEXA-SE NAS RUAS \u00a0&#8211; \u00a0TR\u00caS PASSOS -RS\"><img loading=\"lazy\" decoding=\"async\" width=\"1024\" height=\"771\" src=\"https:\/\/15milhas.com.br\/wfe\/wp-content\/uploads\/2022\/08\/1rusticamexase-1024x771.jpeg\" class=\"attachment-large size-large wp-post-image\" alt=\"\" style=\"\" srcset=\"https:\/\/15milhas.com.br\/wfe\/wp-content\/uploads\/2022\/08\/1rusticamexase-1024x771.jpeg 1024w, https:\/\/15milhas.com.br\/wfe\/wp-content\/uploads\/2022\/08\/1rusticamexase-300x226.jpeg 300w, https:\/\/15milhas.com.br\/wfe\/wp-content\/uploads\/2022\/08\/1rusticamexase-768x578.jpeg 768w, https:\/\/15milhas.com.br\/wfe\/wp-content\/uploads\/2022\/08\/1rusticamexase.jpeg 1069w\" sizes=\"auto, (max-width: 1024px) 100vw, 1024px\" \/><\/a><\/div><a class=\"wp-block-latest-posts__post-title\" href=\"https:\/\/15milhas.com.br\/wfe\/rustica-mexa-se-tres-passos\/\">1\u00aa R\u00daSTICA MEXA-SE NAS RUAS \u00a0&#8211; \u00a0TR\u00caS PASSOS -RS<\/a><\/li>\n<li><div class=\"wp-block-latest-posts__featured-image aligncenter\"><a href=\"https:\/\/15milhas.com.br\/wfe\/segunda-edicao-do-desafio-24h\/\" aria-label=\"Segunda edi\u00e7\u00e3o do Desafio 24h\"><img loading=\"lazy\" decoding=\"async\" width=\"1024\" height=\"683\" src=\"https:\/\/15milhas.com.br\/wfe\/wp-content\/uploads\/2022\/07\/IMG_0092-1024x683.jpg\" class=\"attachment-large size-large wp-post-image\" alt=\"\" style=\"\" srcset=\"https:\/\/15milhas.com.br\/wfe\/wp-content\/uploads\/2022\/07\/IMG_0092-1024x683.jpg 1024w, https:\/\/15milhas.com.br\/wfe\/wp-content\/uploads\/2022\/07\/IMG_0092-300x200.jpg 300w, https:\/\/15milhas.com.br\/wfe\/wp-content\/uploads\/2022\/07\/IMG_0092-768x512.jpg 768w, https:\/\/15milhas.com.br\/wfe\/wp-content\/uploads\/2022\/07\/IMG_0092-1536x1024.jpg 1536w, https:\/\/15milhas.com.br\/wfe\/wp-content\/uploads\/2022\/07\/IMG_0092-2048x1365.jpg 2048w\" sizes=\"auto, (max-width: 1024px) 100vw, 1024px\" \/><\/a><\/div><a class=\"wp-block-latest-posts__post-title\" href=\"https:\/\/15milhas.com.br\/wfe\/segunda-edicao-do-desafio-24h\/\">Segunda edi\u00e7\u00e3o do Desafio 24h<\/a><\/li>\n<\/ul>","protected":false},"excerpt":{"rendered":"","protected":false},"author":1,"featured_media":0,"parent":0,"menu_order":0,"comment_status":"closed","ping_status":"closed","template":"","meta":{"footnotes":""},"class_list":["post-345","page","type-page","status-publish","hentry"],"yoast_head":"<!-- This site is optimized with the Yoast SEO plugin v26.2 - https:\/\/yoast.com\/wordpress\/plugins\/seo\/ -->\n<title>Not\u00edcias - 15 Milhas<\/title>\n<meta name=\"robots\" content=\"index, follow, max-snippet:-1, max-image-preview:large, max-video-preview:-1\" \/>\n<link rel=\"canonical\" href=\"https:\/\/15milhas.com.br\/wfe\/noticias\/\" \/>\n<meta property=\"og:locale\" content=\"pt_BR\" \/>\n<meta property=\"og:type\" content=\"article\" \/>\n<meta property=\"og:title\" content=\"Not\u00edcias - 15 Milhas\" \/>\n<meta property=\"og:url\" content=\"https:\/\/15milhas.com.br\/wfe\/noticias\/\" \/>\n<meta property=\"og:site_name\" content=\"15 Milhas\" \/>\n<meta property=\"article:publisher\" content=\"https:\/\/www.facebook.com\/15MilhasdeCorredoresdeRuadeSantaRosa\" \/>\n<meta property=\"article:modified_time\" content=\"2025-10-15T13:06:10+00:00\" \/>\n<meta name=\"twitter:card\" content=\"summary_large_image\" \/>\n<script type=\"application\/ld+json\" class=\"yoast-schema-graph\">{\"@context\":\"https:\/\/schema.org\",\"@graph\":[{\"@type\":\"WebPage\",\"@id\":\"https:\/\/15milhas.com.br\/wfe\/noticias\/\",\"url\":\"https:\/\/15milhas.com.br\/wfe\/noticias\/\",\"name\":\"Not\u00edcias - 15 Milhas\",\"isPartOf\":{\"@id\":\"https:\/\/15milhas.com.br\/wfe\/#website\"},\"datePublished\":\"2022-07-19T23:39:19+00:00\",\"dateModified\":\"2025-10-15T13:06:10+00:00\",\"breadcrumb\":{\"@id\":\"https:\/\/15milhas.com.br\/wfe\/noticias\/#breadcrumb\"},\"inLanguage\":\"pt-BR\",\"potentialAction\":[{\"@type\":\"ReadAction\",\"target\":[\"https:\/\/15milhas.com.br\/wfe\/noticias\/\"]}]},{\"@type\":\"BreadcrumbList\",\"@id\":\"https:\/\/15milhas.com.br\/wfe\/noticias\/#breadcrumb\",\"itemListElement\":[{\"@type\":\"ListItem\",\"position\":1,\"name\":\"In\u00edcio\",\"item\":\"https:\/\/15milhas.com.br\/wfe\/\"},{\"@type\":\"ListItem\",\"position\":2,\"name\":\"Not\u00edcias\"}]},{\"@type\":\"WebSite\",\"@id\":\"https:\/\/15milhas.com.br\/wfe\/#website\",\"url\":\"https:\/\/15milhas.com.br\/wfe\/\",\"name\":\"15 Milhas\",\"description\":\"Associa\u00e7\u00e3o de Corredores de Rua de Santa Rosa\",\"publisher\":{\"@id\":\"https:\/\/15milhas.com.br\/wfe\/#organization\"},\"potentialAction\":[{\"@type\":\"SearchAction\",\"target\":{\"@type\":\"EntryPoint\",\"urlTemplate\":\"https:\/\/15milhas.com.br\/wfe\/?s={search_term_string}\"},\"query-input\":{\"@type\":\"PropertyValueSpecification\",\"valueRequired\":true,\"valueName\":\"search_term_string\"}}],\"inLanguage\":\"pt-BR\"},{\"@type\":\"Organization\",\"@id\":\"https:\/\/15milhas.com.br\/wfe\/#organization\",\"name\":\"15 Milhas\",\"url\":\"https:\/\/15milhas.com.br\/wfe\/\",\"logo\":{\"@type\":\"ImageObject\",\"inLanguage\":\"pt-BR\",\"@id\":\"https:\/\/15milhas.com.br\/wfe\/#\/schema\/logo\/image\/\",\"url\":\"https:\/\/15milhas.com.br\/wfe\/wp-content\/uploads\/2022\/05\/logo-2.png\",\"contentUrl\":\"https:\/\/15milhas.com.br\/wfe\/wp-content\/uploads\/2022\/05\/logo-2.png\",\"width\":2236,\"height\":986,\"caption\":\"15 Milhas\"},\"image\":{\"@id\":\"https:\/\/15milhas.com.br\/wfe\/#\/schema\/logo\/image\/\"},\"sameAs\":[\"https:\/\/www.facebook.com\/15MilhasdeCorredoresdeRuadeSantaRosa\",\"https:\/\/www.instagram.com\/15_milhas\/\"]}]}<\/script>\n<!-- \/ Yoast SEO plugin. -->","yoast_head_json":{"title":"Not\u00edcias - 15 Milhas","robots":{"index":"index","follow":"follow","max-snippet":"max-snippet:-1","max-image-preview":"max-image-preview:large","max-video-preview":"max-video-preview:-1"},"canonical":"https:\/\/15milhas.com.br\/wfe\/noticias\/","og_locale":"pt_BR","og_type":"article","og_title":"Not\u00edcias - 15 Milhas","og_url":"https:\/\/15milhas.com.br\/wfe\/noticias\/","og_site_name":"15 Milhas","article_publisher":"https:\/\/www.facebook.com\/15MilhasdeCorredoresdeRuadeSantaRosa","article_modified_time":"2025-10-15T13:06:10+00:00","twitter_card":"summary_large_image","schema":{"@context":"https:\/\/schema.org","@graph":[{"@type":"WebPage","@id":"https:\/\/15milhas.com.br\/wfe\/noticias\/","url":"https:\/\/15milhas.com.br\/wfe\/noticias\/","name":"Not\u00edcias - 15 Milhas","isPartOf":{"@id":"https:\/\/15milhas.com.br\/wfe\/#website"},"datePublished":"2022-07-19T23:39:19+00:00","dateModified":"2025-10-15T13:06:10+00:00","breadcrumb":{"@id":"https:\/\/15milhas.com.br\/wfe\/noticias\/#breadcrumb"},"inLanguage":"pt-BR","potentialAction":[{"@type":"ReadAction","target":["https:\/\/15milhas.com.br\/wfe\/noticias\/"]}]},{"@type":"BreadcrumbList","@id":"https:\/\/15milhas.com.br\/wfe\/noticias\/#breadcrumb","itemListElement":[{"@type":"ListItem","position":1,"name":"In\u00edcio","item":"https:\/\/15milhas.com.br\/wfe\/"},{"@type":"ListItem","position":2,"name":"Not\u00edcias"}]},{"@type":"WebSite","@id":"https:\/\/15milhas.com.br\/wfe\/#website","url":"https:\/\/15milhas.com.br\/wfe\/","name":"15 Milhas","description":"Associa\u00e7\u00e3o de Corredores de Rua de Santa Rosa","publisher":{"@id":"https:\/\/15milhas.com.br\/wfe\/#organization"},"potentialAction":[{"@type":"SearchAction","target":{"@type":"EntryPoint","urlTemplate":"https:\/\/15milhas.com.br\/wfe\/?s={search_term_string}"},"query-input":{"@type":"PropertyValueSpecification","valueRequired":true,"valueName":"search_term_string"}}],"inLanguage":"pt-BR"},{"@type":"Organization","@id":"https:\/\/15milhas.com.br\/wfe\/#organization","name":"15 Milhas","url":"https:\/\/15milhas.com.br\/wfe\/","logo":{"@type":"ImageObject","inLanguage":"pt-BR","@id":"https:\/\/15milhas.com.br\/wfe\/#\/schema\/logo\/image\/","url":"https:\/\/15milhas.com.br\/wfe\/wp-content\/uploads\/2022\/05\/logo-2.png","contentUrl":"https:\/\/15milhas.com.br\/wfe\/wp-content\/uploads\/2022\/05\/logo-2.png","width":2236,"height":986,"caption":"15 Milhas"},"image":{"@id":"https:\/\/15milhas.com.br\/wfe\/#\/schema\/logo\/image\/"},"sameAs":["https:\/\/www.facebook.com\/15MilhasdeCorredoresdeRuadeSantaRosa","https:\/\/www.instagram.com\/15_milhas\/"]}]}},"rttpg_featured_image_url":null,"rttpg_author":{"display_name":"admin","author_link":"https:\/\/15milhas.com.br\/wfe\/author\/admin\/"},"rttpg_comment":0,"rttpg_category":null,"rttpg_excerpt":null,"_links":{"self":[{"href":"https:\/\/15milhas.com.br\/wfe\/wp-json\/wp\/v2\/pages\/345","targetHints":{"allow":["GET"]}}],"collection":[{"href":"https:\/\/15milhas.com.br\/wfe\/wp-json\/wp\/v2\/pages"}],"about":[{"href":"https:\/\/15milhas.com.br\/wfe\/wp-json\/wp\/v2\/types\/page"}],"author":[{"embeddable":true,"href":"https:\/\/15milhas.com.br\/wfe\/wp-json\/wp\/v2\/users\/1"}],"replies":[{"embeddable":true,"href":"https:\/\/15milhas.com.br\/wfe\/wp-json\/wp\/v2\/comments?post=345"}],"version-history":[{"count":4,"href":"https:\/\/15milhas.com.br\/wfe\/wp-json\/wp\/v2\/pages\/345\/revisions"}],"predecessor-version":[{"id":833,"href":"https:\/\/15milhas.com.br\/wfe\/wp-json\/wp\/v2\/pages\/345\/revisions\/833"}],"wp:attachment":[{"href":"https:\/\/15milhas.com.br\/wfe\/wp-json\/wp\/v2\/media?parent=345"}],"curies":[{"name":"wp","href":"https:\/\/api.w.org\/{rel}","templated":true}]}}